{"id":733,"date":"2024-01-10T01:19:56","date_gmt":"2024-01-09T22:19:56","guid":{"rendered":"https:\/\/auc.edu.tr\/aday\/?post_type=lisans-programlari&#038;p=733"},"modified":"2025-12-22T13:03:36","modified_gmt":"2025-12-22T10:03:36","slug":"ic-mimarlik-ve-cevre-tasarimi","status":"publish","type":"lisans-programlari","link":"https:\/\/auc.edu.tr\/aday\/lisans-programlari\/ic-mimarlik-ve-cevre-tasarimi\/","title":{"rendered":"\u0130\u00e7 Mimarl\u0131k ve \u00c7evre Tasar\u0131m\u0131"},"content":{"rendered":"\n<p>\u0130\u00e7 Mimarl\u0131k ve \u00c7evre Tasar\u0131m\u0131, yap\u0131land\u0131r\u0131lm\u0131\u015f \u00e7evre i\u00e7inde i\u00e7 mek\u00e2nlar\u0131 tasarlamaya adanm\u0131\u015f disiplinleraras\u0131 bir meslektir. \u0130\u00e7 Mimarl\u0131k ve \u00c7evre Tasar\u0131m\u0131 B\u00f6l\u00fcm\u00fc, insan ya\u015fam alanlar\u0131n\u0131 iyile\u015ftirmek i\u00e7in gerekli bilgi ve becerilerle donat\u0131lm\u0131\u015f gelece\u011fin profesyonellerini yeti\u015ftirmeyi ama\u00e7lamaktad\u0131r. Tasar\u0131m\u0131n s\u00fcrekli geli\u015fen alan\u0131nda i\u00e7 mimarlar; mek\u00e2nsal analiz, tasar\u0131m kararlar\u0131, proje geli\u015ftirme, malzeme se\u00e7imi, detayland\u0131rma, modelleme, sunum, \u00fcretim ve uygulama gibi \u00e7ok \u00e7e\u015fitli sorumluluklar \u00fcstlenmektedir. Uzmanl\u0131k alanlar\u0131; renk, doku, ayd\u0131nlatma (do\u011fal ve yapay), akustik, iklim kontrol\u00fc, mobilya ve di\u011fer temel tasar\u0131m bile\u015fenlerini kapsamaktad\u0131r.<\/p>\n\n\n\n<p><\/p>\n\n\n\n<h3 class=\"wp-block-heading\">Misyon<\/h3>\n\n\n\n<p><\/p>\n\n\n\n<p>K\u0131br\u0131s Amerikan \u00dcniversitesi \u0130\u00e7 Mimarl\u0131k ve \u00c7evre Tasar\u0131m\u0131 B\u00f6l\u00fcm\u00fc, yarat\u0131c\u0131, yenilik\u00e7i ve \u00e7evreye duyarl\u0131 tasar\u0131mc\u0131lar yeti\u015ftirmeye kendini adam\u0131\u015ft\u0131r. Misyonumuz; sanatsal vizyonu, teknik bilgiyi ve s\u00fcrd\u00fcr\u00fclebilir uygulamalar\u0131 harmanlayan disiplinleraras\u0131 bir e\u011fitim sunarak, anlaml\u0131 i\u00e7 mek\u00e2nlar yaratabilen bireyler yeti\u015ftirmektir. Ele\u015ftirel d\u00fc\u015f\u00fcnme, uygulamal\u0131 deneyim ve toplumsal ve ekolojik sorumlulu\u011fa ba\u011fl\u0131l\u0131k yoluyla \u00f6\u011frencilerimizi, yerel ve k\u00fcresel \u00f6l\u00e7ekte yap\u0131land\u0131r\u0131lm\u0131\u015f \u00e7evre \u00fczerinde olumlu etki yaratacak liderler olmalar\u0131 i\u00e7in g\u00fc\u00e7lendiriyoruz.<\/p>\n\n\n\n<p><\/p>\n\n\n\n<h3 class=\"wp-block-heading\">Vizyon<\/h3>\n\n\n\n<p><\/p>\n\n\n\n<p>K\u0131br\u0131s Amerikan \u00dcniversitesi \u0130\u00e7 Mimarl\u0131k ve \u00c7evre Tasar\u0131m\u0131 B\u00f6l\u00fcm\u00fc, tasar\u0131m e\u011fitimi, yenilik ve s\u00fcrd\u00fcr\u00fclebilirlik alanlar\u0131nda \u00f6nc\u00fc bir m\u00fckemmeliyet merkezi olmay\u0131 hedeflemektedir. Amac\u0131m\u0131z; gelece\u011fin tasar\u0131mc\u0131lar\u0131n\u0131, yaln\u0131zca estetik a\u00e7\u0131dan etkileyici ve i\u015flevsel olarak uyarlanabilir de\u011fil, ayn\u0131 zamanda toplumsal a\u00e7\u0131dan sorumlu ve \u00e7evresel olarak duyarl\u0131 yap\u0131land\u0131r\u0131lm\u0131\u015f mek\u00e2nlar yaratmalar\u0131 i\u00e7in ilham vermek ve g\u00fc\u00e7lendirmektir. Disiplinleraras\u0131 i\u015f birli\u011fi, ele\u015ftirel d\u00fc\u015f\u00fcnme ve toplumsal kat\u0131l\u0131m yoluyla, insan deneyimini zenginle\u015ftiren ve k\u00fcresel refah\u0131 destekleyen mek\u00e2nlar\u0131 yeniden hayal eden bir i\u00e7 mimarlar ku\u015fa\u011f\u0131 yeti\u015ftirmeyi ama\u00e7l\u0131yoruz.<\/p>\n\n\n\n<p><\/p>\n\n\n\n<h3 class=\"wp-block-heading\">Genel Bilgi<\/h3>\n\n\n\n<p><\/p>\n\n\n\n<p>D\u00f6rt y\u0131ll\u0131k lisans program\u0131 boyunca, st\u00fcdyo bazl\u0131 ve teorik derslerin birle\u015fimiyle donan\u0131ml\u0131 ve \u00e7ok y\u00f6nl\u00fc i\u00e7 mimarlar yeti\u015ftirilmesi hedeflenmektedir. M\u00fcfredat, analizden uygulamaya kadar t\u00fcm tasar\u0131m s\u00fcrecini kapsar ve sa\u011flam teorik temellerle desteklenir. \u00d6\u011frenciler, ekip \u00e7al\u0131\u015fmas\u0131, s\u00f6zl\u00fc ve g\u00f6rsel sunum teknikleri ile 3D animasyon alanlar\u0131nda uygulamal\u0131 deneyim kazanarak \u00f6zg\u00fcvenlerini geli\u015ftirir ve profesyonel ya\u015fama haz\u0131rlan\u0131rlar.<\/p>\n\n\n\n<p><\/p>\n\n\n\n<p>\u0130\u015f birli\u011fi, b\u00f6l\u00fcm\u00fcn \u00f6nemli unsurlar\u0131ndan biridir. \u0130\u00e7 Mimarl\u0131k ve \u00c7evre Tasar\u0131m\u0131 B\u00f6l\u00fcm\u00fc, Mimarl\u0131k B\u00f6l\u00fcm\u00fc ile ortak \u00e7al\u0131\u015fmalar y\u00fcr\u00fcterek \u00f6\u011frencilere ilgi alanlar\u0131na g\u00f6re uzmanla\u015fabilecekleri \u00e7e\u015fitli se\u00e7meli dersler sunmaktad\u0131r. Bu disiplinleraras\u0131 yakla\u015f\u0131m, \u00f6\u011frencilerin bak\u0131\u015f a\u00e7\u0131lar\u0131n\u0131 zenginle\u015ftirir ve tasar\u0131ma farkl\u0131 perspektiflerden yakla\u015fmalar\u0131n\u0131 sa\u011flar.<\/p>\n\n\n\n<p><\/p>\n\n\n\n<h3 class=\"wp-block-heading\">E\u011fitim<\/h3>\n\n\n\n<p><\/p>\n\n\n\n<p>\u0130\u00e7 Mimarl\u0131k ve \u00c7evre Tasar\u0131m\u0131 program\u0131, rahat, davetk\u00e2r ve etkileyici mek\u00e2nlar\u0131n tasar\u0131m\u0131nda yarat\u0131c\u0131l\u0131\u011f\u0131 temel unsur olarak kabul eder. Sanatsal, akademik ve sosyal etkinliklerin zengin bir kar\u0131\u015f\u0131m\u0131yla desteklenen bu yakla\u015f\u0131m, \u00f6\u011frencilere \u00e7ok y\u00f6nl\u00fc bir e\u011fitim deneyimi sunar. Farkl\u0131 bak\u0131\u015f a\u00e7\u0131lar\u0131n\u0131 te\u015fvik ederek, \u00f6\u011frencilerin tasar\u0131m problemlerine yenilik\u00e7i, uyumlu ve insan odakl\u0131 \u00e7\u00f6z\u00fcmler geli\u015ftirmelerini sa\u011flar.<\/p>\n\n\n\n<p><\/p>\n\n\n\n<h3 class=\"wp-block-heading\">Donan\u0131m ve Olanaklar<\/h3>\n\n\n\n<p><\/p>\n\n\n\n<p>Modern st\u00fcdyolar, donan\u0131ml\u0131 derslikler, kablosuz internet eri\u015fimi, kapsaml\u0131 merkezi k\u00fct\u00fcphane ve modelleme, bilgisayar, seramik ve malzeme laboratuvarlar\u0131, \u00f6\u011frencilerin \u00f6\u011frenme s\u00fcre\u00e7lerini en \u00fcst d\u00fczeye \u00e7\u0131karmalar\u0131 i\u00e7in gerekli kaynaklar\u0131 sunar. \u00d6\u011frenci say\u0131s\u0131 artarken, bireysel ilgi her zaman \u00f6n planda tutulur. \u00d6\u011frenci-akademik kadro aras\u0131ndaki g\u00fc\u00e7l\u00fc ili\u015fkiler sayesinde \u00f6\u011frenciler fikirlerini \u00f6zg\u00fcrce payla\u015fabilecekleri a\u00e7\u0131k ve destekleyici bir ortamda e\u011fitim al\u0131r; bu da yarat\u0131c\u0131l\u0131klar\u0131n\u0131 ve ele\u015ftirel d\u00fc\u015f\u00fcnme yetilerini geli\u015ftirir.<\/p>\n\n\n\n<p><\/p>\n\n\n\n<h3 class=\"wp-block-heading\">Kariyer Olanaklar\u0131<\/h3>\n\n\n\n<p><\/p>\n\n\n\n<p>\u0130\u00e7 mimarlar; mimarl\u0131k ofislerinde veya tasar\u0131m st\u00fcdyolar\u0131nda, mimar, i\u00e7 mimar, in\u015faat m\u00fchendisi gibi profesyonellerle i\u015f birli\u011fi i\u00e7inde \u00e7al\u0131\u015fabilirler. Mezunlar; showroomlar, fuarlar, sergiler, pazar yerleri, sahne dekorlar\u0131, yat ve u\u00e7ak i\u00e7 mek\u00e2n tasar\u0131m\u0131, mobilya tasar\u0131m\u0131 gibi \u00e7e\u015fitli alanlarda i\u015f bulabilirler. Ayr\u0131ca mod\u00fcler veya mobilya tasar\u0131m\u0131 yapan firmalarda tasar\u0131mc\u0131 ya da \u00fcretim sorumlusu olarak kariyerlerine devam edebilirler.<\/p>\n","protected":false},"featured_media":734,"parent":0,"template":"","meta":{"_themeisle_gutenberg_block_has_review":false,"_links_to":"","_links_to_target":""},"fakulteler":[16],"class_list":["post-733","lisans-programlari","type-lisans-programlari","status-publish","has-post-thumbnail","hentry","fakulteler-guzel-sanatlar-fakultesi"],"blocksy_meta":"","acf":[],"aioseo_notices":[],"_links":{"self":[{"href":"https:\/\/auc.edu.tr\/aday\/wp-json\/wp\/v2\/lisans-programlari\/733","targetHints":{"allow":["GET"]}}],"collection":[{"href":"https:\/\/auc.edu.tr\/aday\/wp-json\/wp\/v2\/lisans-programlari"}],"about":[{"href":"https:\/\/auc.edu.tr\/aday\/wp-json\/wp\/v2\/types\/lisans-programlari"}],"version-history":[{"count":7,"href":"https:\/\/auc.edu.tr\/aday\/wp-json\/wp\/v2\/lisans-programlari\/733\/revisions"}],"predecessor-version":[{"id":4022,"href":"https:\/\/auc.edu.tr\/aday\/wp-json\/wp\/v2\/lisans-programlari\/733\/revisions\/4022"}],"wp:featuredmedia":[{"embeddable":true,"href":"https:\/\/auc.edu.tr\/aday\/wp-json\/wp\/v2\/media\/734"}],"wp:attachment":[{"href":"https:\/\/auc.edu.tr\/aday\/wp-json\/wp\/v2\/media?parent=733"}],"wp:term":[{"taxonomy":"fakulteler","embeddable":true,"href":"https:\/\/auc.edu.tr\/aday\/wp-json\/wp\/v2\/fakulteler?post=733"}],"curies":[{"name":"wp","href":"https:\/\/api.w.org\/{rel}","templated":true}]}}