{"id":762,"date":"2024-01-10T04:32:54","date_gmt":"2024-01-10T01:32:54","guid":{"rendered":"https:\/\/auc.edu.tr\/aday\/?post_type=lisans-programlari&#038;p=762"},"modified":"2025-12-22T13:05:53","modified_gmt":"2025-12-22T10:05:53","slug":"uluslararasi-iliskiler","status":"publish","type":"lisans-programlari","link":"https:\/\/auc.edu.tr\/aday\/lisans-programlari\/uluslararasi-iliskiler\/","title":{"rendered":"Uluslararas\u0131 \u0130li\u015fkiler"},"content":{"rendered":"\n<p>Amerikan K\u0131br\u0131s \u00dcniversitesi Uluslararas\u0131 \u0130li\u015fkiler B\u00f6l\u00fcm\u00fc, \u00f6\u011frencileri s\u00fcrekli de\u011fi\u015fen k\u00fcresel dinamikler i\u00e7erisinde etkin bir \u015fekilde y\u00f6n bulmalar\u0131 ve katk\u0131 sunmalar\u0131 amac\u0131yla yeti\u015ftirir. Lisans program\u0131m\u0131z, \u00f6\u011frencilerin hem bilgi hem de pratik becerilerle donanarak topluma ve d\u00fcnyaya anlaml\u0131 katk\u0131lar sunmalar\u0131n\u0131 hedeflemektedir. Bunun yan\u0131 s\u0131ra, b\u00f6l\u00fcm\u00fcm\u00fcz \u00f6zg\u00fcn ara\u015ft\u0131rmalar ve akademik yay\u0131nlar yoluyla daha geni\u015f akademik topluma katk\u0131 sa\u011flamay\u0131 da kendine misyon edinmi\u015ftir.<\/p>\n\n\n\n<p><\/p>\n\n\n\n<h3 class=\"wp-block-heading\">Misyon<\/h3>\n\n\n\n<p><\/p>\n\n\n\n<p>Program\u0131n misyonu, siyasal sistemleri ele\u015ftirel bir bak\u0131\u015f a\u00e7\u0131s\u0131yla anlayabilen ve ya\u015fad\u0131klar\u0131 toplumlar\u0131n sosyo-politik ko\u015fullar\u0131n\u0131 iyile\u015ftirmeye y\u00f6nelik giri\u015fimlerde aktif rol alabilecek bireyler yeti\u015ftirmektir. Ayn\u0131 zamanda, hem ulusal hem de uluslararas\u0131 d\u00fczeyde siyasi kurumlar\u0131n sorun \u00e7\u00f6zme kapasitesine nitelikli katk\u0131lar sunabilecek, y\u00fcksek kalitede ara\u015ft\u0131rmalar yapma yetkinli\u011fine sahip uzmanlar yeti\u015ftirmeyi ama\u00e7lamaktad\u0131r.<\/p>\n\n\n\n<p><\/p>\n\n\n\n<h3 class=\"wp-block-heading\">Vizyon<\/h3>\n\n\n\n<p><\/p>\n\n\n\n<p>Amerikan K\u0131br\u0131s \u00dcniversitesi Uluslararas\u0131 \u0130li\u015fkiler B\u00f6l\u00fcm\u00fc, Do\u011fu Akdeniz ba\u015fta olmak \u00fczere k\u00fcresel siyaset, y\u00f6neti\u015fim ve diplomasi alan\u0131nda \u00f6nde gelen bir akademik merkez olmay\u0131 hedeflemektedir. \u00d6\u011frenci ve akademisyenleri yerel, b\u00f6lgesel ve k\u00fcresel d\u00fczeyde olumlu de\u011fi\u015fim yaratmaya te\u015fvik eden canl\u0131 ve entelekt\u00fcel bir ortam olu\u015fturmay\u0131 ama\u00e7lamaktad\u0131r. Ele\u015ftirel d\u00fc\u015f\u00fcnceyi, etik sorumlulu\u011fu ve disiplinleraras\u0131 i\u015f birli\u011fini te\u015fvik ederek, gelecekte bar\u0131\u015f, adalet ve etkili siyasi kurumlar\u0131n geli\u015fimine katk\u0131 sa\u011flayacak liderler ve ara\u015ft\u0131rmac\u0131lar yeti\u015ftirmeyi vizyon edinmi\u015ftir.<\/p>\n\n\n\n<p><\/p>\n\n\n\n<h3 class=\"wp-block-heading\">Genel Bilgiler<\/h3>\n\n\n\n<p><\/p>\n\n\n\n<p>Program\u0131n ilk y\u0131l\u0131nda \u00f6\u011frenciler, Fak\u00fclte b\u00fcnyesindeki di\u011fer programlarla ortak teorik dersler almaktad\u0131r. Her d\u00f6nem, d\u00f6nem \u00f6devi, ara s\u0131nav ve final s\u0131nav\u0131 ile de\u011ferlendirilmektedir. \u0130kinci y\u0131ldan itibaren ise \u00f6\u011frenciler, teorik derslerin yan\u0131 s\u0131ra uygulamal\u0131 projelerde de yer almaktad\u0131r. S\u0131n\u0131f i\u00e7i tart\u0131\u015fmalar, farkl\u0131 milletlerden gelen \u00f6\u011frencilerin aktif kat\u0131l\u0131m\u0131yla y\u00fcr\u00fct\u00fclmekte, bu da k\u00fclt\u00fcrleraras\u0131 etkile\u015fimi te\u015fvik etmektedir. Projeler ve tart\u0131\u015fmalar arac\u0131l\u0131\u011f\u0131yla, \u00f6\u011frencilerin k\u00fcresel rekabet ortam\u0131nda ba\u015far\u0131l\u0131 olabilmeleri hedeflenmektedir.<\/p>\n\n\n\n<p><\/p>\n\n\n\n<h3 class=\"wp-block-heading\">E\u011fitim<\/h3>\n\n\n\n<p><\/p>\n\n\n\n<p>Uluslararas\u0131 \u0130li\u015fkiler program\u0131, \u00f6\u011frencilerin hem teorik hem de pratik a\u00e7\u0131dan g\u00fc\u00e7l\u00fc bir altyap\u0131ya sahip olmalar\u0131n\u0131 sa\u011flayacak \u015fekilde \u00f6zenle yap\u0131land\u0131r\u0131lm\u0131\u015ft\u0131r. M\u00fcfredat; uluslararas\u0131 ili\u015fkiler teorisi, uluslararas\u0131 siyasi ekonomi, uluslararas\u0131 hukuk, uluslararas\u0131 g\u00fcvenlik, d\u0131\u015f politika analizi ve b\u00f6lge \u00e7al\u0131\u015fmalar\u0131 gibi geni\u015f bir ders yelpazesi sunmaktad\u0131r. K\u00fcreselle\u015fme, ulus\u00fcst\u00fc b\u00fct\u00fcnle\u015fme ve da\u011f\u0131lma gibi temel temalar, d\u00fcnya siyasetinin g\u00fcncel tart\u0131\u015fmalar\u0131na zemin olu\u015fturmaktad\u0131r. Program, Avrupa Birli\u011fi ve Orta Do\u011fu \u00fczerine yo\u011funla\u015fan \u00e7ok say\u0131da se\u00e7meli ders imk\u00e2n\u0131 da sunmaktad\u0131r. Ayr\u0131ca, fak\u00fclte b\u00fcnyesindeki \u00e7e\u015fitli ara\u015ft\u0131rma merkezleri ile i\u015f birli\u011fi sayesinde, \u00f6\u011frenciler se\u00e7kin akademisyenlerle \u00e7al\u0131\u015fma ve uluslararas\u0131 konferanslara kat\u0131lma f\u0131rsat\u0131 yakalamaktad\u0131r.<\/p>\n\n\n\n<p><\/p>\n\n\n\n<h3 class=\"wp-block-heading\">Kariyer Olanaklar\u0131<\/h3>\n\n\n\n<p><\/p>\n\n\n\n<p>Uluslararas\u0131 \u0130li\u015fkiler mezunlar\u0131, kamu ve \u00f6zel sekt\u00f6rde geni\u015f bir kariyer f\u0131rsat\u0131na sahiptir, bunlar aras\u0131nda:<\/p>\n\n\n\n<p><\/p>\n\n\n\n<ul class=\"wp-block-list\">\n<li>Diplomat\/D\u0131\u015f Hizmet G\u00f6revlisi<\/li>\n\n\n\n<li>Politika Analisti<\/li>\n\n\n\n<li>Uluslararas\u0131 Kalk\u0131nma Uzman\u0131<\/li>\n\n\n\n<li>Siyasi Risk Analisti<\/li>\n\n\n\n<li>Uluslararas\u0131 \u0130li\u015fkiler Dan\u0131\u015fman\u0131<\/li>\n\n\n\n<li>Birle\u015fmi\u015f Milletler G\u00f6revlisi<\/li>\n\n\n\n<li>Uluslararas\u0131 Ticaret ve Ekonomik \u0130li\u015fkiler Uzman\u0131<\/li>\n\n\n\n<li>\u0130nsan Haklar\u0131 Savunucusu<\/li>\n\n\n\n<li>Sivil Toplum Kurulu\u015fu (STK) Lideri veya G\u00f6revlisi<\/li>\n\n\n\n<li>Uluslararas\u0131 \u0130li\u015fkiler Gazetecisi<\/li>\n\n\n\n<li>Kamu \u0130li\u015fkileri Uzman\u0131<\/li>\n\n\n\n<li>Uluslararas\u0131 Hukuk Dan\u0131\u015fman\u0131<\/li>\n\n\n\n<li>Uluslararas\u0131 \u0130li\u015fkilerde Ara\u015ft\u0131rmac\u0131\/Akademisyen<\/li>\n\n\n\n<li>\u00c7at\u0131\u015fma \u00c7\u00f6z\u00fcm\u00fc Uzman\u0131<\/li>\n\n\n\n<li>K\u00fcresel Sa\u011fl\u0131k Politikas\u0131 Analisti<\/li>\n\n\n\n<li>\u00c7evre Politikas\u0131 Uzman\u0131<\/li>\n\n\n\n<li>G\u00fcvenlik ve Savunma Analisti<\/li>\n\n\n\n<li>Uluslararas\u0131 Turizm ve K\u00fclt\u00fcrel De\u011fi\u015fim G\u00f6revlisi<\/li>\n\n\n\n<li>K\u00fcresel Tedarik Zinciri Y\u00f6neticisi<\/li>\n<\/ul>\n","protected":false},"featured_media":763,"parent":0,"template":"","meta":{"_themeisle_gutenberg_block_has_review":false,"_links_to":"","_links_to_target":""},"fakulteler":[17],"class_list":["post-762","lisans-programlari","type-lisans-programlari","status-publish","has-post-thumbnail","hentry","fakulteler-siyasal-bilgiler-fakultesi"],"blocksy_meta":"","acf":[],"aioseo_notices":[],"_links":{"self":[{"href":"https:\/\/auc.edu.tr\/aday\/wp-json\/wp\/v2\/lisans-programlari\/762","targetHints":{"allow":["GET"]}}],"collection":[{"href":"https:\/\/auc.edu.tr\/aday\/wp-json\/wp\/v2\/lisans-programlari"}],"about":[{"href":"https:\/\/auc.edu.tr\/aday\/wp-json\/wp\/v2\/types\/lisans-programlari"}],"version-history":[{"count":7,"href":"https:\/\/auc.edu.tr\/aday\/wp-json\/wp\/v2\/lisans-programlari\/762\/revisions"}],"predecessor-version":[{"id":4028,"href":"https:\/\/auc.edu.tr\/aday\/wp-json\/wp\/v2\/lisans-programlari\/762\/revisions\/4028"}],"wp:featuredmedia":[{"embeddable":true,"href":"https:\/\/auc.edu.tr\/aday\/wp-json\/wp\/v2\/media\/763"}],"wp:attachment":[{"href":"https:\/\/auc.edu.tr\/aday\/wp-json\/wp\/v2\/media?parent=762"}],"wp:term":[{"taxonomy":"fakulteler","embeddable":true,"href":"https:\/\/auc.edu.tr\/aday\/wp-json\/wp\/v2\/fakulteler?post=762"}],"curies":[{"name":"wp","href":"https:\/\/api.w.org\/{rel}","templated":true}]}}