{"id":764,"date":"2024-01-10T04:34:51","date_gmt":"2024-01-10T01:34:51","guid":{"rendered":"https:\/\/auc.edu.tr\/aday\/?post_type=lisans-programlari&#038;p=764"},"modified":"2025-12-22T13:05:07","modified_gmt":"2025-12-22T10:05:07","slug":"siyaset-bilimi-ve-kamu-yonetimi","status":"publish","type":"lisans-programlari","link":"https:\/\/auc.edu.tr\/aday\/lisans-programlari\/siyaset-bilimi-ve-kamu-yonetimi\/","title":{"rendered":"Siyaset Bilimi ve Kamu Y\u00f6netimi"},"content":{"rendered":"\n<p>Amerikan K\u0131br\u0131s \u00dcniversitesi Siyasal Bilgiler Fak\u00fcltesi, Siyaset Bilimi ve Kamu Y\u00f6netimi B\u00f6l\u00fcm\u00fc\u2019n\u00fcn lisans program\u0131, siyasal ve idari olgular\u0131n teorik ve pratik boyutlarda bilimsel olarak incelenmesine adanm\u0131\u015ft\u0131r. Program, \u00f6\u011frencilerine siyaset biliminin temel alanlar\u0131nda \u2014 otorite, me\u015fruiyet, toplumsal yap\u0131lar, s\u0131n\u0131f dinamikleri, toplumsal cinsiyet, ulus, siyasi partiler, siyasal kat\u0131l\u0131m, siyasal ideolojiler ve y\u00f6netim sistemleri gibi konular \u2014 kapsaml\u0131 bir altyap\u0131 sunmay\u0131 ama\u00e7lamaktad\u0131r.<\/p>\n\n\n\n<p><\/p>\n\n\n\n<p>B\u00f6l\u00fcm\u00fcn en g\u00fc\u00e7l\u00fc y\u00f6nlerinden biri, kamu y\u00f6netimini hukuk, kentle\u015fme \u00e7al\u0131\u015fmalar\u0131, \u00e7evre politikas\u0131, kamu politikas\u0131 analizi ve yerel y\u00f6netimler gibi disiplinlerle b\u00fct\u00fcnle\u015ftiren disiplinleraras\u0131 yakla\u015f\u0131m\u0131d\u0131r. Bu \u00e7ok y\u00f6nl\u00fc yap\u0131, \u00f6\u011frencilerin siyasal ve idari sistemlerin ulusal ve k\u00fcresel d\u00fczeylerde nas\u0131l i\u015fledi\u011fine dair derin ve \u00e7ok boyutlu bir anlay\u0131\u015f geli\u015ftirmelerini sa\u011flamaktad\u0131r.<\/p>\n\n\n\n<p><\/p>\n\n\n\n<p>G\u00fc\u00e7l\u00fc bir akademik m\u00fcfredat\u0131n yan\u0131 s\u0131ra b\u00f6l\u00fcm, ele\u015ftirel d\u00fc\u015f\u00fcnme yetisine sahip, yarat\u0131c\u0131 problem \u00e7\u00f6zebilen ve ba\u011f\u0131ms\u0131z entelekt\u00fcel sorgulama yapabilen bireyler yeti\u015ftirmeye b\u00fcy\u00fck \u00f6nem vermektedir. Amac\u0131m\u0131z, bilgi \u00e7a\u011f\u0131n\u0131n gerekliliklerine ve k\u00fcresel ba\u011flamda birbirine ba\u011fl\u0131 bir d\u00fcnyan\u0131n beklentilerine uygun, \u00e7a\u011fda\u015f akademik temele ve entelekt\u00fcel kimli\u011fe sahip bireyler yeti\u015ftirmektir.<br>Program, \u00f6\u011frencilerin ilgi alanlar\u0131 ve kariyer hedefleri do\u011frultusunda e\u011fitimlerini \u015fekillendirebilecekleri \u00e7ok \u00e7e\u015fitli se\u00e7meli derslerle zenginle\u015ftirilmi\u015ftir. Bu se\u00e7meli dersler, g\u00fcncel ara\u015ft\u0131rmalar ve alandaki geli\u015fmelerle desteklenerek \u00f6\u011frencilere hem esnek hem de \u00e7a\u011fda\u015f k\u00fcresel sorunlarla uyumlu bir e\u011fitim sunmaktad\u0131r.<\/p>\n\n\n\n<p><\/p>\n\n\n\n<h3 class=\"wp-block-heading\">Misyon<\/h3>\n\n\n\n<p><\/p>\n\n\n\n<p>Siyaset Bilimi ve Kamu Y\u00f6netimi B\u00f6l\u00fcm\u00fc&#8217;n\u00fcn misyonu, kamu ve \u00f6zel sekt\u00f6rlerde, ulusal ve uluslararas\u0131 d\u00fczeyde etkili bir \u015fekilde g\u00f6rev yapabilecek donan\u0131ma sahip profesyoneller yeti\u015ftirmektir. Disiplinleraras\u0131 \u00e7al\u0131\u015fma becerisine sahip, bilimsel ara\u015ft\u0131rma yapabilen, yeniliklere a\u00e7\u0131k ve s\u00fcrekli kendini geli\u015ftirmeye kararl\u0131 bireyler yeti\u015ftirmeyi hedefliyoruz.<br>Mezunlar\u0131m\u0131z, bireysel ve tak\u0131m \u00e7al\u0131\u015fmalar\u0131nda etkin, a\u00e7\u0131k fikirli, giri\u015fimci ve \u00e7\u00f6z\u00fcm odakl\u0131 liderler olarak d\u00fc\u015f\u00fcn\u00fclmektedir. K\u00fcreselle\u015fen yeni d\u00fcnya d\u00fczeninde aktif roller \u00fcstlenmeleri, liderlik vasf\u0131 sergilemeleri, mesleki etik ilkeleri benimsemeleri ve analitik ile ele\u015ftirel d\u00fc\u015f\u00fcnme becerilerini g\u00fc\u00e7l\u00fc bir \u015fekilde kullanmalar\u0131 beklenmektedir. Nihai hedefimiz, yenilik\u00e7i, etik de\u011ferlere ba\u011fl\u0131, karma\u015f\u0131k ve dinamik bir d\u00fcnyaya haz\u0131r kamu y\u00f6neticileri ve siyaset bilimciler yeti\u015ftirmektir.<\/p>\n\n\n\n<p><\/p>\n\n\n\n<h3 class=\"wp-block-heading\">Vizyon<\/h3>\n\n\n\n<p><\/p>\n\n\n\n<p>Siyaset Bilimi ve Kamu Y\u00f6netimi B\u00f6l\u00fcm\u00fc, uluslararas\u0131 e\u011fitim standartlar\u0131yla uyumlu, hem teorik bilgiye hem de pratik becerilere sahip mezunlar yeti\u015ftirmede \u00f6nc\u00fc bir akademik birim olmay\u0131 hedeflemektedir. Vizyonumuz; yarat\u0131c\u0131, g\u00fcncel bilgilere h\u00e2kim, g\u00fc\u00e7l\u00fc yaz\u0131l\u0131 ve s\u00f6zl\u00fc ifade yeteneklerine sahip, entelekt\u00fcel donan\u0131m\u0131 y\u00fcksek bireyler yeti\u015ftirmektir.<\/p>\n\n\n\n<p><\/p>\n\n\n\n<p>Ticaret, siyaset ve kamu y\u00f6netimi alanlar\u0131nda etik de\u011ferlere ba\u011fl\u0131 bireyler yeti\u015ftirme ilkesini benimseyen b\u00f6l\u00fcm\u00fcm\u00fcz, e\u011fitim program\u0131n\u0131 disiplinleraras\u0131 i\u015f birlikleriyle zenginle\u015ftirmeyi ve \u00e7a\u011fda\u015f konular\u0131n bilimsel temelde yorumlanmas\u0131na dayal\u0131, ele\u015ftirel d\u00fc\u015f\u00fcnme merkezli bir e\u011fitim modeli geli\u015ftirmeyi ama\u00e7lamaktad\u0131r.<\/p>\n\n\n\n<p><\/p>\n\n\n\n<h3 class=\"wp-block-heading\">Genel Bilgi<\/h3>\n\n\n\n<p><\/p>\n\n\n\n<p>Siyaset Bilimi ve Kamu Y\u00f6netimi lisans program\u0131n\u0131n temel amac\u0131, siyaset bilimi ve kamu y\u00f6netiminin \u00e7e\u015fitli alt dallar\u0131na dair kapsaml\u0131 bilgi kazand\u0131rmak ve \u00f6\u011frencileri bu disiplinin temel ilkeleriyle donatmakt\u0131r. \u00d6\u011frenciler ayr\u0131ca di\u011fer fak\u00fcltelerden se\u00e7meli dersler alarak e\u011fitimlerini \u00e7e\u015fitlendirebilirler. Her d\u00f6nem boyunca yap\u0131lan de\u011ferlendirmeler; \u00f6devler, k\u0131sa s\u0131navlar, ara s\u0131navlar ve d\u00f6nem sonu s\u0131navlar\u0131yla ger\u00e7ekle\u015ftirilir. \u00dc\u00e7\u00fcnc\u00fc ve d\u00f6rd\u00fcnc\u00fc s\u0131n\u0131f d\u00fczeyinde ise \u00f6\u011frenciler teorik ve pratik odakl\u0131 projeler geli\u015ftirerek analitik ve problem \u00e7\u00f6zme becerilerini daha da peki\u015ftirirler.<\/p>\n\n\n\n<p><\/p>\n\n\n\n<h3 class=\"wp-block-heading\">E\u011fitim<\/h3>\n\n\n\n<p><\/p>\n\n\n\n<p>Program kapsam\u0131nda t\u00fcm dersler ve s\u0131navlar \u0130ngilizce olarak y\u00fcr\u00fct\u00fclmektedir. Bu sayede \u00f6\u011frenciler, yabanc\u0131 dil becerilerini geli\u015ftirmenin yan\u0131 s\u0131ra akademik ve sosyal etkinliklerde aktif rol alma f\u0131rsat\u0131 da bulmaktad\u0131r. K\u00fc\u00e7\u00fck s\u0131n\u0131f mevcudu, \u00f6\u011frenciler ile \u00f6\u011fretim \u00fcyeleri ve akademik dan\u0131\u015fmanlar aras\u0131nda bire bir etkile\u015fimi desteklemekte; \u00f6\u011frencilerin \u00f6zg\u00fcven kazanmalar\u0131na, kat\u0131l\u0131mc\u0131 bir bak\u0131\u015f a\u00e7\u0131s\u0131 geli\u015ftirmelerine ve ele\u015ftirel d\u00fc\u015f\u00fcnme yetilerini art\u0131rmalar\u0131na olanak sa\u011flamaktad\u0131r. Akademik kadro, uluslararas\u0131 \u00e7e\u015fitlili\u011fe sahip olup \u00f6\u011frencilerin hedeflerine ula\u015fmalar\u0131 konusunda destekleyici bir yap\u0131 sunmaktad\u0131r.<\/p>\n\n\n\n<p><\/p>\n\n\n\n<h3 class=\"wp-block-heading\">Olanaklar<\/h3>\n\n\n\n<p><\/p>\n\n\n\n<p>Program \u00f6\u011frencileri, \u00fccretsiz internet ba\u011flant\u0131s\u0131na sahip iki bilgisayar laboratuvar\u0131ndan faydalanabilirler. Video, projeksiyon cihazlar\u0131, bilgisayarlar ve internet eri\u015fimi ile donat\u0131lm\u0131\u015f multimedya s\u0131n\u0131flar\u0131nda dersler i\u015flenerek, yarat\u0131c\u0131 bir \u00f6\u011frenme ortam\u0131 sa\u011flanmaktad\u0131r. S\u00fcrekli g\u00fcncellenen ders kitaplar\u0131 ve ders planlar\u0131, \u00f6\u011frencilerin ilgili alanlardaki en son geli\u015fmeleri takip edebilmelerini garanti alt\u0131na almaktad\u0131r.<\/p>\n\n\n\n<p><\/p>\n\n\n\n<h3 class=\"wp-block-heading\">Kariyer Olanaklar\u0131<\/h3>\n\n\n\n<p><\/p>\n\n\n\n<p>Ba\u015far\u0131l\u0131 mezunlar\u0131m\u0131z, \u00e7e\u015fitli y\u00fcksek lisans programlar\u0131na devam etmek i\u00e7in gerekli akademik altyap\u0131ya sahip olacaklard\u0131r. Ayr\u0131ca, bilimsel ara\u015ft\u0131rma, kamu hizmeti ve siyasi kurulu\u015flar gibi bir\u00e7ok alanda uzman pozisyonlar\u0131 i\u00e7in g\u00fc\u00e7l\u00fc adaylard\u0131r. Program ayn\u0131 zamanda \u00f6\u011frencilere okuma, yazma, analiz ve ele\u015ftirel d\u00fc\u015f\u00fcnme becerileri kazand\u0131r\u0131r. Mezunlar, bilimsel konular\u0131 etkili bir \u015fekilde sunma, tart\u0131\u015fmalara kat\u0131lma ve interneti hem sosyal hem de akademik ama\u00e7larla kullanma konusunda yetkinlik kazanacaklard\u0131r. Bu beceriler, \u00f6zel sekt\u00f6rde istihdam edilebilirliklerini \u00f6nemli \u00f6l\u00e7\u00fcde art\u0131racakt\u0131r.<\/p>\n","protected":false},"featured_media":765,"parent":0,"template":"","meta":{"_themeisle_gutenberg_block_has_review":false,"_links_to":"","_links_to_target":""},"fakulteler":[17],"class_list":["post-764","lisans-programlari","type-lisans-programlari","status-publish","has-post-thumbnail","hentry","fakulteler-siyasal-bilgiler-fakultesi"],"blocksy_meta":"","acf":[],"aioseo_notices":[],"_links":{"self":[{"href":"https:\/\/auc.edu.tr\/aday\/wp-json\/wp\/v2\/lisans-programlari\/764","targetHints":{"allow":["GET"]}}],"collection":[{"href":"https:\/\/auc.edu.tr\/aday\/wp-json\/wp\/v2\/lisans-programlari"}],"about":[{"href":"https:\/\/auc.edu.tr\/aday\/wp-json\/wp\/v2\/types\/lisans-programlari"}],"version-history":[{"count":8,"href":"https:\/\/auc.edu.tr\/aday\/wp-json\/wp\/v2\/lisans-programlari\/764\/revisions"}],"predecessor-version":[{"id":4025,"href":"https:\/\/auc.edu.tr\/aday\/wp-json\/wp\/v2\/lisans-programlari\/764\/revisions\/4025"}],"wp:featuredmedia":[{"embeddable":true,"href":"https:\/\/auc.edu.tr\/aday\/wp-json\/wp\/v2\/media\/765"}],"wp:attachment":[{"href":"https:\/\/auc.edu.tr\/aday\/wp-json\/wp\/v2\/media?parent=764"}],"wp:term":[{"taxonomy":"fakulteler","embeddable":true,"href":"https:\/\/auc.edu.tr\/aday\/wp-json\/wp\/v2\/fakulteler?post=764"}],"curies":[{"name":"wp","href":"https:\/\/api.w.org\/{rel}","templated":true}]}}