{"id":773,"date":"2024-01-10T04:43:53","date_gmt":"2024-01-10T01:43:53","guid":{"rendered":"https:\/\/auc.edu.tr\/aday\/?post_type=on-lisans-programlar&#038;p=773"},"modified":"2025-12-22T13:10:46","modified_gmt":"2025-12-22T10:10:46","slug":"eczane-hizmetleri","status":"publish","type":"on-lisans-programlar","link":"https:\/\/auc.edu.tr\/aday\/on-lisans-programlari\/eczane-hizmetleri\/","title":{"rendered":"Eczane Hizmetleri"},"content":{"rendered":"\n<h2 class=\"wp-block-heading\">Program\u0131n Amac\u0131<\/h2>\n\n\n\n<p>Eczane ve ila\u00e7 sekt\u00f6r\u00fcnde ihtiya\u00e7 duyulan yard\u0131mc\u0131 teknik personelin yeti\u015ftirilmesidir.<\/p>\n\n\n\n<h2 class=\"wp-block-heading\">Vizyon<\/h2>\n\n\n\n<p>Eczane teknikerli\u011fi alan\u0131nda, mesle\u011fini en iyi \u015fekilde uygulayabilen, yeterli teorik ve pratik bilgiye sahip Eczane Teknikeri yeti\u015ftirmektir. Program sa\u011fl\u0131k sekt\u00f6r\u00fcne azami seviyede donan\u0131ml\u0131 eczane teknikerleri kazand\u0131rmay\u0131 hedeflemektedir.<\/p>\n\n\n\n<h2 class=\"wp-block-heading\">Misyon<\/h2>\n\n\n\n<p>\u0130ki y\u0131ll\u0131k e\u011fitim boyunca \u00f6\u011frencilere bu alanda deneyimli \u00f6\u011fretim elemanlar\u0131 taraf\u0131ndan teorik ve pratik dersler verilecektir.<\/p>\n\n\n\n<p>\u00d6\u011frenciler eczac\u0131 sorumlulu\u011funda ve g\u00f6zetiminde, d\u00fczenli olarak kay\u0131t tutma, g\u00fcncel bilgileri i\u00e7eren kitap ve teknolojik uygulama ara\u00e7lar\u0131n\u0131n kullan\u0131lmas\u0131 ve re\u00e7eteli ya da re\u00e7etesiz ila\u00e7, kozmetik \u00fcr\u00fcn ve sa\u011fl\u0131kla ilgili \u00fcr\u00fcnlerin temin edilmesi, muhafaza edilmesi ve hastaya sunulmas\u0131 gibi bu konularda gereken e\u011fitimi alacaklard\u0131r.<\/p>\n\n\n\n<p>\u00d6\u011frenciler ekip i\u00e7erisinde, yasalara ve etik kurallara uygun olarak ve mesleki sorumluluk gerektiren g\u00f6revleri yerine getirebilmek i\u00e7in istenen bilgi ve beceriyi kazanacaklard\u0131r.<\/p>\n\n\n\n<h2 class=\"wp-block-heading\">Program Tan\u0131m\u0131<\/h2>\n\n\n\n<p>K\u0131br\u0131s Amerikan \u00dcniversitesi Sa\u011fl\u0131k Meslek Y\u00fcksek Okulu Eczane Teknikerli\u011fi program\u0131nda \u00e7a\u011fda\u015f e\u011fitimin azami olanaklar\u0131 kullan\u0131larak, \u00f6\u011frencilere ulusal ve uluslararas\u0131 alanda di\u011fer \u00fcniversitelerle rekabet edecek seviyede e\u011fitim verilmeye \u00e7al\u0131\u015f\u0131lmaktad\u0131r. B\u00f6l\u00fcm\u00fcn teknolojik alt yap\u0131 ve e\u011fitim \u00f6\u011fretim olanaklar\u0131 \u00f6\u011frencilerin mesleki ya\u015famlar\u0131nda sahip olmalar\u0131 gereken bilgi ve deneyimi onlara kazand\u0131racak \u015fekilde organize edilmi\u015ftir. Program K\u0131br\u0131s Amerikan \u00dcniversitesi Sa\u011fl\u0131k Hizmetleri Meslek Y\u00fcksekokulu\u2019nun \u00f6\u011fretim elemanlar\u0131 taraf\u0131ndan ve di\u011fer birimlerden \u00f6\u011fretim elemanlar\u0131n\u0131n katk\u0131s\u0131 ile y\u00fcr\u00fct\u00fclmektedir. Program\u0131n s\u00fcresi iki e\u011fitim y\u0131l\u0131d\u0131r.<\/p>\n\n\n\n<h2 class=\"wp-block-heading\">Kay\u0131t ve Kabul Ko\u015fullar\u0131<\/h2>\n\n\n\n<p>Y\u00fcksek\u00f6\u011fretim Kurulu (Y\u00d6K) taraf\u0131ndan belirlenen y\u00f6netmelikler \u00e7er\u00e7evesinde, bu programa \u00f6\u011frenci kabul\u00fc \u00d6l\u00e7me Se\u00e7me ve Yerle\u015ftirme Merkezi (\u00d6SYM) taraf\u0131ndan yap\u0131lan s\u0131nav sistemiyle olmaktad\u0131r. \u00d6\u011frenci kay\u0131t i\u015flemleri \u00d6l\u00e7me, Se\u00e7me ve Yerle\u015ftirme Merkezi (\u00d6SYM)\u2019nin belirledi\u011fi ilkeler \u00e7er\u00e7evesinde yap\u0131l\u0131r. Rekt\u00f6rl\u00fck, her y\u0131l \u00fcniversiteye ilk kay\u0131t yapt\u0131racak \u00f6\u011frenci adaylar\u0131n\u0131n kay\u0131t tarihini, istenilen belgeleri ve kay\u0131t yerlerini birimlere g\u00f6re belirleyerek ilan eder. Kay\u0131t i\u015flemleri \u00d6\u011frenci \u0130\u015fleri Daire Ba\u015fkanl\u0131\u011f\u0131 taraf\u0131ndan y\u00fcr\u00fct\u00fcl\u00fcr. Eksik belge veya posta yolu ile kesin kay\u0131t yapt\u0131r\u0131lmaz. Yanl\u0131\u015fl\u0131kla kay\u0131t yap\u0131lm\u0131\u015f oldu\u011fu anla\u015f\u0131l\u0131rsa kay\u0131tlar silinir.<\/p>\n\n\n\n<h2 class=\"wp-block-heading\">Mezuniyet \u015eartlar\u0131<\/h2>\n\n\n\n<p>K\u0131br\u0131s Amerikan \u00dcniversitesi, Sa\u011fl\u0131k Meslek Y\u00fcksek Okulu Eczac\u0131l\u0131k Hizmetleri \u00d6nlisans Program\u0131ndan mezun olabilmek i\u00e7in \u00f6\u011frencinin programdaki t\u00fcm derslerini ba\u015farm\u0131\u015f olmas\u0131, 120 AKTS kredisini sa\u011flamas\u0131, 30 i\u015f g\u00fcn\u00fc staj\u0131n\u0131 tamamlam\u0131\u015f olmas\u0131 gerekmektedir.<\/p>\n\n\n\n<h2 class=\"wp-block-heading\">\u00dcst Kademeye Ge\u00e7i\u015f<\/h2>\n\n\n\n<p>Mezun \u00f6\u011frenciler Dikey Ge\u00e7i\u015f S\u0131nav\u0131 (DGS) ile Biyokimya, Kimya ve Kimya M\u00fchendisli\u011fi lisans program\u0131na ge\u00e7i\u015f yapabilirler.<\/p>\n\n\n\n<h2 class=\"wp-block-heading\">\u0130stihdam Olanaklar\u0131<\/h2>\n\n\n\n<p>Bu programdan mezun olanlar kamu ve \u00f6zel sa\u011fl\u0131k kurum ve kurulu\u015flar\u0131nda \u201cEczane Teknikeri\u201d unvan\u0131 ile \u00e7al\u0131\u015fabilirler. Eczanelerde, eczane b\u00f6l\u00fcmleri bulunan devlet dairelerinde, ila\u00e7 fabrikalar\u0131nda, ila\u00e7 depolar\u0131nda, laboratuvarlarda ve medikal sekt\u00f6rde \u00e7al\u0131\u015fabilirler. Eczane teknikerlerinin T\u00fcrkiye\u2019de kamu kurum ve kurulu\u015flar\u0131na atanmalar\u0131 Kamu Personeli Se\u00e7me S\u0131nav\u0131 (KPSS)\u2019na g\u00f6re, KKTC\u2019de ise Kamu Hizmetleri Komisyonu\u2019nun a\u00e7t\u0131\u011f\u0131 s\u0131navlarda ba\u015far\u0131l\u0131 olanlar kamu sa\u011fl\u0131k kurum ve kurulu\u015flar\u0131na atan\u0131rlar.<\/p>\n","protected":false},"featured_media":774,"parent":0,"template":"","meta":{"_themeisle_gutenberg_block_has_review":false,"_links_to":"","_links_to_target":""},"class_list":["post-773","on-lisans-programlar","type-on-lisans-programlar","status-publish","has-post-thumbnail","hentry"],"blocksy_meta":"","acf":[],"aioseo_notices":[],"_links":{"self":[{"href":"https:\/\/auc.edu.tr\/aday\/wp-json\/wp\/v2\/on-lisans-programlar\/773","targetHints":{"allow":["GET"]}}],"collection":[{"href":"https:\/\/auc.edu.tr\/aday\/wp-json\/wp\/v2\/on-lisans-programlar"}],"about":[{"href":"https:\/\/auc.edu.tr\/aday\/wp-json\/wp\/v2\/types\/on-lisans-programlar"}],"version-history":[{"count":5,"href":"https:\/\/auc.edu.tr\/aday\/wp-json\/wp\/v2\/on-lisans-programlar\/773\/revisions"}],"predecessor-version":[{"id":4034,"href":"https:\/\/auc.edu.tr\/aday\/wp-json\/wp\/v2\/on-lisans-programlar\/773\/revisions\/4034"}],"wp:featuredmedia":[{"embeddable":true,"href":"https:\/\/auc.edu.tr\/aday\/wp-json\/wp\/v2\/media\/774"}],"wp:attachment":[{"href":"https:\/\/auc.edu.tr\/aday\/wp-json\/wp\/v2\/media?parent=773"}],"curies":[{"name":"wp","href":"https:\/\/api.w.org\/{rel}","templated":true}]}}